{"id":13,"date":"2021-10-04T17:02:58","date_gmt":"2021-10-04T15:02:58","guid":{"rendered":"https:\/\/www.espace-museal-thones.fr\/?page_id=13"},"modified":"2022-03-15T11:04:39","modified_gmt":"2022-03-15T10:04:39","slug":"espace-museal-thones","status":"publish","type":"page","link":"https:\/\/www.espace-museal-thones.fr\/","title":{"rendered":"Espace Mus\u00e9al de Th\u00f4nes"},"content":{"rendered":"<p style=\"text-align: justify;\">La ville de <a href=\"http:\/\/www.annecy-ville.fr\/villes-villages-agglomeration-annecienne\/thones\/\">Th\u00f4nes<\/a> situ\u00e9e \u00e0 l&rsquo;entr\u00e9e du massif des Aravis est la capitale de l&rsquo;excellent reblochon fermier AOP. Elle propose aussi un tr\u00e8s int\u00e9ressant mus\u00e9e d\u00e9di\u00e9 \u00e0 l&rsquo;histoire de ce territoire de Haute-Savoie.<\/p>\n<p><img loading=\"lazy\" decoding=\"async\" class=\"aligncenter wp-image-16 size-full\" src=\"https:\/\/www.espace-museal-thones.fr\/wp-content\/uploads\/2021\/10\/Gallerie_1-scaled-1.jpg\" alt=\"galerie d'exposition\" width=\"2560\" height=\"1241\" srcset=\"https:\/\/www.espace-museal-thones.fr\/wp-content\/uploads\/2021\/10\/Gallerie_1-scaled-1.jpg 2560w, https:\/\/www.espace-museal-thones.fr\/wp-content\/uploads\/2021\/10\/Gallerie_1-scaled-1-300x145.jpg 300w, https:\/\/www.espace-museal-thones.fr\/wp-content\/uploads\/2021\/10\/Gallerie_1-scaled-1-1024x496.jpg 1024w, https:\/\/www.espace-museal-thones.fr\/wp-content\/uploads\/2021\/10\/Gallerie_1-scaled-1-768x372.jpg 768w, https:\/\/www.espace-museal-thones.fr\/wp-content\/uploads\/2021\/10\/Gallerie_1-scaled-1-1536x745.jpg 1536w, https:\/\/www.espace-museal-thones.fr\/wp-content\/uploads\/2021\/10\/Gallerie_1-scaled-1-2048x993.jpg 2048w\" sizes=\"auto, (max-width: 709px) 85vw, (max-width: 909px) 67vw, (max-width: 1362px) 62vw, 840px\" \/><\/p>\n<h2>Une vall\u00e9e de Haute-Savoie<\/h2>\n<p style=\"text-align: justify;\">A 20 minutes de la ville d&rsquo;Annecy, la vall\u00e9e de Th\u00f4nes est la porte d&rsquo;entr\u00e9e du massif des Aravis. Les vacanciers appr\u00e9cient les stations proches de sport d&rsquo;hiver de <strong>la Clusaz et du Grand-Bornand<\/strong> pour leur caract\u00e8re authentique. Plus de 5 000 habitants peuplent cette commune des Alpes. Au niveau des \u00e9quipements culturels et sportifs, on trouve une biblioth\u00e8que multim\u00e9dia avec plus de 16 000 ouvrages, le cin\u00e9ma l&rsquo;Edelweiss, une piscine municipale avec deux bassins, un centre \u00e9questre avec un domaine forestier et un accrobranche d\u00e9nomm\u00e9 Aravis Parc Aventures. Chaque ann\u00e9e, le <strong>foire de la Saint-Maurice<\/strong> se tient depuis 700 ans. C&rsquo;est l&rsquo;occasion de renouer avec les traditions agricoles : concours et d\u00e9fil\u00e9 de vache de la race Abondance, vide-greniers et f\u00eate foraine. Pour d\u00e9couvrir la vie des habitants de Th\u00f4nes, vous pouvez visiter l&rsquo;Espace mus\u00e9al de Th\u00f4nes.<\/p>\n<h2>Une visite interactive et ludique du mus\u00e9e de Th\u00f4nes<\/h2>\n<p style=\"text-align: justify;\">L&rsquo;objectif de ce mus\u00e9e est de pr\u00e9senter \u00e0 ses visiteurs un voyage dans le temps pour retracer les diff\u00e9rentes \u00e9tapes de l&rsquo;occupation humaine sur ce territoire. Les particularit\u00e9s de la g\u00e9ologie locale sont expliqu\u00e9es pour comprendre la constitution des massifs montagneux. Le mus\u00e9e permet de voir que d\u00e8s la pr\u00e9histoire, il y a plus de 10 000 ans, des hommes et des femmes ont habit\u00e9 dans un abri sous roche situ\u00e9 non loin de Th\u00f4nes \u00e0 la Balme de Thuy. Le Fier, le torrent de la vall\u00e9e, permettait de p\u00eacher. Ensuite, c&rsquo;est la p\u00e9riode du <strong>N\u00e9olithique<\/strong> avec la domestication des animaux et la cr\u00e9ation d&rsquo;objets en cuivre et de c\u00e9ramiques.<\/p>\n<p style=\"text-align: justify;\">La visite de l&rsquo;Espace mus\u00e9al de Th\u00f4nes permet aussi de connaitre la richesse de la faune et de la flore alpine. Les arts et traditions populaires sont mis en avant avec une grande collections d&rsquo;objets anciens de diff\u00e9rentes \u00e9poques. L&rsquo;<strong>histoire de la Savoie<\/strong> est aussi relat\u00e9e avec la p\u00e9riode du moyen-\u00e2ge, de l&rsquo;occupation sarde et du rattachement de la Savoie \u00e0 la France. C&rsquo;est un r\u00e9f\u00e9rendum qui a permis ce rattachement sous le r\u00e8gne de Napol\u00e9on III. Pour rendre attractif et p\u00e9dagogique la visite, cet espace se veut <strong>interactif et ludique<\/strong> avec des boites \u00e0 ouvrir pour toucher les mati\u00e8res et sentir les odeurs. Les maquettes anim\u00e9es, l&rsquo;histoire des personnages c\u00e9l\u00e8bres de la vall\u00e9e et le vitrail du tympan de l&rsquo;\u00e9glise sont expos\u00e9s. La reconstitution d&rsquo;un d\u00e9fil\u00e9 de sapeurs-pompiers est particuli\u00e8rement bien r\u00e9alis\u00e9e. L&rsquo;histoire contemporaine est illustr\u00e9e par la p\u00e9riode de la R\u00e9sistance et de la guerre de 1939\/1945. De nombreux costumes d&rsquo;\u00e9poque sur des mannequins sont pr\u00e9sent\u00e9s dans les vitrines du mus\u00e9e.<\/p>\n<figure id=\"attachment_34\" aria-describedby=\"caption-attachment-34\" style=\"width: 800px\" class=\"wp-caption aligncenter\"><img loading=\"lazy\" decoding=\"async\" class=\"wp-image-34 size-full\" src=\"https:\/\/www.espace-museal-thones.fr\/wp-content\/uploads\/2021\/10\/Espace-museal-de-Thones-reconstitution-dun-habitat-prehistorique.jpg\" alt=\"mus\u00e9e reconstitution habitat pr\u00e9historique\" width=\"800\" height=\"574\" srcset=\"https:\/\/www.espace-museal-thones.fr\/wp-content\/uploads\/2021\/10\/Espace-museal-de-Thones-reconstitution-dun-habitat-prehistorique.jpg 800w, https:\/\/www.espace-museal-thones.fr\/wp-content\/uploads\/2021\/10\/Espace-museal-de-Thones-reconstitution-dun-habitat-prehistorique-300x215.jpg 300w, https:\/\/www.espace-museal-thones.fr\/wp-content\/uploads\/2021\/10\/Espace-museal-de-Thones-reconstitution-dun-habitat-prehistorique-768x551.jpg 768w\" sizes=\"auto, (max-width: 800px) 85vw, 800px\" \/><figcaption id=\"caption-attachment-34\" class=\"wp-caption-text\">Espace mus\u00e9al de Th\u00f4nes &#8211; reconstitution d&rsquo;un habitat pr\u00e9historique<\/figcaption><\/figure>\n<h2>Informations pratiques<\/h2>\n<p style=\"text-align: justify;\"><strong>Adresse<\/strong> : le mus\u00e9e est situ\u00e9 au 3e \u00e9tage du b\u00e2timent de la biblioth\u00e8que au 1, rue Blanche, 74 230 Th\u00f4nes. Vous disposez d&rsquo;un parking \u00e0 proximit\u00e9, de WC publics. Le site est accessible aux personnes \u00e0 mobilit\u00e9 r\u00e9duite.<\/p>\n<p style=\"text-align: justify;\"><strong>Tarifs<\/strong> : l&rsquo;entr\u00e9e comprend la visite de l&rsquo;espace mus\u00e9al, la visite du Manoir de la Tour (ouvert en \u00e9t\u00e9)\u00a0 et la visite de l&rsquo;espace des Amis du Val de Th\u00f4nes. Gratuit pour les enfants de moins de 12 ans, 1,80 \u20ac pour les jeunes de 12 \u00e0 16 ans, 3,40 \u20ac pour les \u00e9tudiants et 5,20 \u20ac pour les adultes.<\/p>\n<p style=\"text-align: justify;\"><strong>Heures des visites<\/strong> : du fait du contexte sanitaire, seules les visites guid\u00e9es sont possibles avec d\u00e9part \u00e0 heures fixes et dur\u00e9e d&rsquo;une heure :<\/p>\n<ul style=\"text-align: justify;\">\n<li><strong>Lundi<\/strong> : 15 H et 16 H.<\/li>\n<li><strong>Mardi<\/strong> : 10 H et 11 H.<\/li>\n<li><strong>Du mercredi au samedi<\/strong> : 10 H, 11 H, 15 H et 16 H.<\/li>\n<\/ul>\n<p style=\"text-align: justify;\">Les r\u00e9servations sont possibles au 04 50 02 00 26. Possibilit\u00e9 de visites guid\u00e9e en anglais et en allemand sur r\u00e9servation pour les groupes.<\/p>\n<p style=\"text-align: justify;\"><strong>Conditions des visites<\/strong> : 6 personnes par visite, port du masque et d\u00e9sinfection des mains obligatoire, suspension provisoire des jeux et des animations pour les enfants. Mais les guides r\u00e9pondent \u00e0 leurs questions et animent la visite.<\/p>\n","protected":false},"excerpt":{"rendered":"<p>La ville de Th\u00f4nes situ\u00e9e \u00e0 l&rsquo;entr\u00e9e du massif des Aravis est la capitale de l&rsquo;excellent reblochon fermier AOP. Elle propose aussi un tr\u00e8s int\u00e9ressant mus\u00e9e d\u00e9di\u00e9 \u00e0 l&rsquo;histoire de ce territoire de Haute-Savoie. Une vall\u00e9e de Haute-Savoie A 20 minutes de la ville d&rsquo;Annecy, la vall\u00e9e de Th\u00f4nes est la porte d&rsquo;entr\u00e9e du massif &hellip; <a href=\"https:\/\/www.espace-museal-thones.fr\/\" class=\"more-link\">Continuer la lecture<span class=\"screen-reader-text\"> de &laquo;&nbsp;Espace Mus\u00e9al de Th\u00f4nes&nbsp;&raquo;<\/span><\/a><\/p>\n","protected":false},"author":3,"featured_media":0,"parent":0,"menu_order":0,"comment_status":"closed","ping_status":"closed","template":"","meta":{"footnotes":""},"class_list":["post-13","page","type-page","status-publish","hentry"],"aioseo_notices":[],"_links":{"self":[{"href":"https:\/\/www.espace-museal-thones.fr\/index.php\/wp-json\/wp\/v2\/pages\/13","targetHints":{"allow":["GET"]}}],"collection":[{"href":"https:\/\/www.espace-museal-thones.fr\/index.php\/wp-json\/wp\/v2\/pages"}],"about":[{"href":"https:\/\/www.espace-museal-thones.fr\/index.php\/wp-json\/wp\/v2\/types\/page"}],"author":[{"embeddable":true,"href":"https:\/\/www.espace-museal-thones.fr\/index.php\/wp-json\/wp\/v2\/users\/3"}],"replies":[{"embeddable":true,"href":"https:\/\/www.espace-museal-thones.fr\/index.php\/wp-json\/wp\/v2\/comments?post=13"}],"version-history":[{"count":9,"href":"https:\/\/www.espace-museal-thones.fr\/index.php\/wp-json\/wp\/v2\/pages\/13\/revisions"}],"predecessor-version":[{"id":53,"href":"https:\/\/www.espace-museal-thones.fr\/index.php\/wp-json\/wp\/v2\/pages\/13\/revisions\/53"}],"wp:attachment":[{"href":"https:\/\/www.espace-museal-thones.fr\/index.php\/wp-json\/wp\/v2\/media?parent=13"}],"curies":[{"name":"wp","href":"https:\/\/api.w.org\/{rel}","templated":true}]}}